{"id":455,"date":"2023-11-14T18:03:46","date_gmt":"2023-11-14T17:03:46","guid":{"rendered":"https:\/\/srpssibrina.cz\/?post_type=tribe_events&#038;p=455"},"modified":"2024-02-09T12:20:14","modified_gmt":"2024-02-09T11:20:14","slug":"zimni-otuzovani-pro-odvazlivce","status":"publish","type":"tribe_events","link":"https:\/\/srpssibrina.cz\/?tribe_events=zimni-otuzovani-pro-odvazlivce","title":{"rendered":"Zimn\u00ed otu\u017eov\u00e1n\u00ed pro odv\u00e1\u017elivce"},"content":{"rendered":"<p>Spolku se naskytla mo\u017enost setk\u00e1n\u00ed s vrcholov\u00fdm zimn\u00edm plavcem Jakubem Valn\u00ed\u010dkem, kter\u00fd n\u00e1m uk\u00e1\u017ee a umo\u017en\u00ed vyzkou\u0161et si zimn\u00ed ponor do studen\u00e9 vody.<\/p>\n<p><strong>Sraz je v 15.00 hodin na parkovi\u0161ti u jezera Lhota u Brand\u00fdsa nad Labem v ned\u011bli 19.11.<\/strong><\/p>\n<p>P\u0159em\u00edst\u00edme se na p\u00eds\u010ditou pl\u00e1\u017e, kde si rozd\u011bl\u00e1me deky nebo karimatky. Pak je t\u0159eba se rychle svl\u00e9ci a postupn\u011b se osm\u011blit a vl\u00e9zt do vody. Voda bude m\u00edt mezi 8 \u2013 10 stupni.<\/p>\n<p>Ve vod\u011b d\u00edt\u011b i dosp\u011bl\u00fd z\u016fstane 10 \u2013 20 sekund zhruba, jak to p\u016fjde, zkr\u00e1tka.<\/p>\n<p>Doporu\u010duje se pohybovat nebo plavat. Po plav\u00e1n\u00ed bude \u010dlov\u011bk zk\u0159ehl\u00fd, je t\u0159eba se rychle osu\u0161it a zah\u0159\u00e1t pohybem \u010di tepl\u00fdm \u010dajem.<\/p>\n<p>&#8212;&#8212;&#8212;&#8212;&#8212;&#8212;&#8212;&#8212;&#8212;&#8212;&#8212;&#8212;&#8212;&#8212;&#8212;&#8212;&#8212;&#8212;&#8212;&#8212;&#8212;&#8212;&#8212;&#8212;&#8212;&#8212;&#8212;&#8212;&#8212;&#8212;&#8212;&#8212;&#8212;&#8212;&#8212;&#8212;&#8212;&#8211;<\/p>\n<p>\u00da\u010dast je zcela dobrovoln\u00e1 a je na zv\u00e1\u017een\u00ed ka\u017ed\u00e9ho rodi\u010de, zda se j\u00ed z\u00fa\u010dastn\u00ed. Samoz\u0159ejm\u011b se m\u016f\u017eete z\u00fa\u010dastnit, i kdy\u017e se do vody neodv\u00e1\u017e\u00edte, podpo\u0159\u00edte odv\u00e1\u017elivce a m\u016f\u017eete se sezn\u00e1mit s plavcem, kter\u00fd v roce 2020 p\u0159eplaval La Manche.<\/p>\n<p>Pro prvn\u00ed zimn\u00ed ponor \u2013 otu\u017eov\u00e1n\u00ed &#8211; nen\u00ed t\u0159eba \u017e\u00e1dn\u00e1 zdravotn\u00ed p\u0159\u00edprava p\u0159edem. Je t\u0159eba b\u00fdt zdrav\u00fd, mal\u00e1 r\u00fdma nevad\u00ed a neb\u00fdt kardiak nebo m\u00edt dal\u0161\u00ed zdravotn\u00ed omezen\u00ed od l\u00e9ka\u0159e. A zejm\u00e9na naj\u00edt v sob\u011b odvahu a osm\u011blit se. Podrobn\u00e9 informace o otu\u017eov\u00e1n\u00ed jsou b\u011b\u017en\u011b dostupn\u00e9 na internetu.<\/p>\n<p><strong>S sebou si dosp\u011bl\u00fd i d\u011bti vezmou<\/strong>: <span style=\"text-decoration: underline;\">tepl\u00e9 oble\u010den\u00ed, na sob\u011b budou m\u00edt m\u00edsto spodn\u00edho pr\u00e1dla u\u017e plavky. D\u00e1le \u010daj v termosce, pop\u0159\u00edpad\u011b sva\u010dinu, deku a ru\u010dn\u00edk. Pl\u00e1\u017e je p\u00eds\u010dit\u00e1. V p\u0159\u00edpad\u011b z\u00e1jmu, lze absolvovat je\u0161t\u011b dva ponory n\u00e1sleduj\u00edc\u00ed v\u00edkendy<\/span>.<\/p>\n<p><img loading=\"lazy\" decoding=\"async\" class=\"alignnone size-medium wp-image-456\" src=\"https:\/\/srpssibrina.cz\/wp-content\/uploads\/2023\/11\/mapka-300x115.png\" alt=\"\" width=\"300\" height=\"115\" srcset=\"https:\/\/srpssibrina.cz\/wp-content\/uploads\/2023\/11\/mapka-300x115.png 300w, https:\/\/srpssibrina.cz\/wp-content\/uploads\/2023\/11\/mapka.png 382w\" sizes=\"auto, (max-width: 300px) 100vw, 300px\" \/><\/p>\n<p><strong>Upozor\u0148ujeme, \u017ee se nejedn\u00e1 o organizovanou akci v doprovodu<\/strong><\/p>\n<p><strong>zdravotn\u00edka, ani nen\u00ed pod z\u00e1\u0161titou na\u0161\u00ed \u0161koly \u010di spolku.<\/strong><\/p>\n<p>&nbsp;<\/p>\n<p><a href=\"https:\/\/srpssibrina.cz\/wp-content\/uploads\/2023\/11\/rozhovor.pdf\">Rozhovor s Jakubem Valn\u00ed\u010dkem<\/a><\/p>\n<p>&nbsp;<\/p>\n<p><a href=\"https:\/\/srpssibrina.cz\/wp-content\/uploads\/2023\/11\/POZVANKA-ZIMNI-OTUZOVANI.png\"><img loading=\"lazy\" decoding=\"async\" class=\"alignnone wp-image-457 size-medium\" src=\"https:\/\/srpssibrina.cz\/wp-content\/uploads\/2023\/11\/POZVANKA-ZIMNI-OTUZOVANI-213x300.png\" alt=\"\" width=\"213\" height=\"300\" srcset=\"https:\/\/srpssibrina.cz\/wp-content\/uploads\/2023\/11\/POZVANKA-ZIMNI-OTUZOVANI-213x300.png 213w, https:\/\/srpssibrina.cz\/wp-content\/uploads\/2023\/11\/POZVANKA-ZIMNI-OTUZOVANI.png 672w\" sizes=\"auto, (max-width: 213px) 100vw, 213px\" \/><\/a><\/p>\n","protected":false},"excerpt":{"rendered":"<p>Spolku se naskytla mo\u017enost setk\u00e1n\u00ed s vrcholov\u00fdm zimn\u00edm plavcem Jakubem Valn\u00ed\u010dkem, kter\u00fd n\u00e1m uk\u00e1\u017ee a umo\u017en\u00ed vyzkou\u0161et si zimn\u00ed ponor do studen\u00e9 vody. Sraz je v 15.00 hodin na parkovi\u0161ti &hellip;<br \/><a href=\"https:\/\/srpssibrina.cz\/?tribe_events=zimni-otuzovani-pro-odvazlivce\" class=\"more-link pen_button pen_element_default pen_icon_arrow_double\">Pokra\u010dovat ve\u00a0\u010dten\u00ed <span class=\"screen-reader-text\">Zimn\u00ed otu\u017eov\u00e1n\u00ed pro odv\u00e1\u017elivce<\/span><\/a><\/p>\n","protected":false},"author":4,"featured_media":0,"template":"","meta":{"ngg_post_thumbnail":0,"_tribe_events_status":"","_tribe_events_status_reason":"","footnotes":""},"tags":[3],"tribe_events_cat":[],"class_list":["post-455","tribe_events","type-tribe_events","status-publish","hentry","tag-3"],"yoast_head":"<!-- This site is optimized with the Yoast SEO plugin v27.3 - https:\/\/yoast.com\/product\/yoast-seo-wordpress\/ -->\n<title>Zimn\u00ed otu\u017eov\u00e1n\u00ed pro odv\u00e1\u017elivce - SRP\u0160 Sib\u0159ina<\/title>\n<meta name=\"robots\" content=\"index, follow, max-snippet:-1, max-image-preview:large, max-video-preview:-1\" \/>\n<link rel=\"canonical\" href=\"https:\/\/srpssibrina.cz\/?tribe_events=zimni-otuzovani-pro-odvazlivce\" \/>\n<meta property=\"og:locale\" content=\"cs_CZ\" \/>\n<meta property=\"og:type\" content=\"article\" \/>\n<meta property=\"og:title\" content=\"Zimn\u00ed otu\u017eov\u00e1n\u00ed pro odv\u00e1\u017elivce - SRP\u0160 Sib\u0159ina\" \/>\n<meta property=\"og:description\" content=\"Spolku se naskytla mo\u017enost setk\u00e1n\u00ed s vrcholov\u00fdm zimn\u00edm plavcem Jakubem Valn\u00ed\u010dkem, kter\u00fd n\u00e1m uk\u00e1\u017ee a umo\u017en\u00ed vyzkou\u0161et si zimn\u00ed ponor do studen\u00e9 vody. Sraz je v 15.00 hodin na parkovi\u0161ti &hellip;Pokra\u010dovat ve\u00a0\u010dten\u00ed Zimn\u00ed otu\u017eov\u00e1n\u00ed pro odv\u00e1\u017elivce\" \/>\n<meta property=\"og:url\" content=\"https:\/\/srpssibrina.cz\/?tribe_events=zimni-otuzovani-pro-odvazlivce\" \/>\n<meta property=\"og:site_name\" content=\"SRP\u0160 Sib\u0159ina\" \/>\n<meta property=\"article:publisher\" content=\"https:\/\/www.facebook.com\/61550791108673\/about\/\" \/>\n<meta property=\"article:modified_time\" content=\"2024-02-09T11:20:14+00:00\" \/>\n<meta property=\"og:image\" content=\"http:\/\/srpssibrina.cz\/wp-content\/uploads\/2023\/11\/mapka-300x115.png\" \/>\n<meta name=\"twitter:card\" content=\"summary_large_image\" \/>\n<meta name=\"twitter:label1\" content=\"Odhadovan\u00e1 doba \u010dten\u00ed\" \/>\n\t<meta name=\"twitter:data1\" content=\"2 minuty\" \/>\n<script type=\"application\/ld+json\" class=\"yoast-schema-graph\">{\"@context\":\"https:\\\/\\\/schema.org\",\"@graph\":[{\"@type\":\"WebPage\",\"@id\":\"https:\\\/\\\/srpssibrina.cz\\\/?tribe_events=zimni-otuzovani-pro-odvazlivce\",\"url\":\"https:\\\/\\\/srpssibrina.cz\\\/?tribe_events=zimni-otuzovani-pro-odvazlivce\",\"name\":\"Zimn\u00ed otu\u017eov\u00e1n\u00ed pro odv\u00e1\u017elivce - SRP\u0160 Sib\u0159ina\",\"isPartOf\":{\"@id\":\"https:\\\/\\\/srpssibrina.cz\\\/#website\"},\"primaryImageOfPage\":{\"@id\":\"https:\\\/\\\/srpssibrina.cz\\\/?tribe_events=zimni-otuzovani-pro-odvazlivce#primaryimage\"},\"image\":{\"@id\":\"https:\\\/\\\/srpssibrina.cz\\\/?tribe_events=zimni-otuzovani-pro-odvazlivce#primaryimage\"},\"thumbnailUrl\":\"http:\\\/\\\/srpssibrina.cz\\\/wp-content\\\/uploads\\\/2023\\\/11\\\/mapka-300x115.png\",\"datePublished\":\"2023-11-14T17:03:46+00:00\",\"dateModified\":\"2024-02-09T11:20:14+00:00\",\"breadcrumb\":{\"@id\":\"https:\\\/\\\/srpssibrina.cz\\\/?tribe_events=zimni-otuzovani-pro-odvazlivce#breadcrumb\"},\"inLanguage\":\"cs\",\"potentialAction\":[{\"@type\":\"ReadAction\",\"target\":[\"https:\\\/\\\/srpssibrina.cz\\\/?tribe_events=zimni-otuzovani-pro-odvazlivce\"]}]},{\"@type\":\"ImageObject\",\"inLanguage\":\"cs\",\"@id\":\"https:\\\/\\\/srpssibrina.cz\\\/?tribe_events=zimni-otuzovani-pro-odvazlivce#primaryimage\",\"url\":\"http:\\\/\\\/srpssibrina.cz\\\/wp-content\\\/uploads\\\/2023\\\/11\\\/mapka-300x115.png\",\"contentUrl\":\"http:\\\/\\\/srpssibrina.cz\\\/wp-content\\\/uploads\\\/2023\\\/11\\\/mapka-300x115.png\"},{\"@type\":\"BreadcrumbList\",\"@id\":\"https:\\\/\\\/srpssibrina.cz\\\/?tribe_events=zimni-otuzovani-pro-odvazlivce#breadcrumb\",\"itemListElement\":[{\"@type\":\"ListItem\",\"position\":1,\"name\":\"Dom\u016f\",\"item\":\"https:\\\/\\\/srpssibrina.cz\\\/\"},{\"@type\":\"ListItem\",\"position\":2,\"name\":\"Akce\",\"item\":\"https:\\\/\\\/srpssibrina.cz\\\/?post_type=tribe_events\"},{\"@type\":\"ListItem\",\"position\":3,\"name\":\"Zimn\u00ed otu\u017eov\u00e1n\u00ed pro odv\u00e1\u017elivce\"}]},{\"@type\":\"WebSite\",\"@id\":\"https:\\\/\\\/srpssibrina.cz\\\/#website\",\"url\":\"https:\\\/\\\/srpssibrina.cz\\\/\",\"name\":\"SRP\u0160 Sib\u0159ina\",\"description\":\"V\u00edt\u00e1me V\u00e1s na str\u00e1nk\u00e1ch Spolku rodi\u010d\u016f a p\u0159\u00e1tel Z\u0160 a M\u0160 Sib\u0159ina\",\"potentialAction\":[{\"@type\":\"SearchAction\",\"target\":{\"@type\":\"EntryPoint\",\"urlTemplate\":\"https:\\\/\\\/srpssibrina.cz\\\/?s={search_term_string}\"},\"query-input\":{\"@type\":\"PropertyValueSpecification\",\"valueRequired\":true,\"valueName\":\"search_term_string\"}}],\"inLanguage\":\"cs\"}]}<\/script>\n<!-- \/ Yoast SEO plugin. -->","yoast_head_json":{"title":"Zimn\u00ed otu\u017eov\u00e1n\u00ed pro odv\u00e1\u017elivce - SRP\u0160 Sib\u0159ina","robots":{"index":"index","follow":"follow","max-snippet":"max-snippet:-1","max-image-preview":"max-image-preview:large","max-video-preview":"max-video-preview:-1"},"canonical":"https:\/\/srpssibrina.cz\/?tribe_events=zimni-otuzovani-pro-odvazlivce","og_locale":"cs_CZ","og_type":"article","og_title":"Zimn\u00ed otu\u017eov\u00e1n\u00ed pro odv\u00e1\u017elivce - SRP\u0160 Sib\u0159ina","og_description":"Spolku se naskytla mo\u017enost setk\u00e1n\u00ed s vrcholov\u00fdm zimn\u00edm plavcem Jakubem Valn\u00ed\u010dkem, kter\u00fd n\u00e1m uk\u00e1\u017ee a umo\u017en\u00ed vyzkou\u0161et si zimn\u00ed ponor do studen\u00e9 vody. Sraz je v 15.00 hodin na parkovi\u0161ti &hellip;Pokra\u010dovat ve\u00a0\u010dten\u00ed Zimn\u00ed otu\u017eov\u00e1n\u00ed pro odv\u00e1\u017elivce","og_url":"https:\/\/srpssibrina.cz\/?tribe_events=zimni-otuzovani-pro-odvazlivce","og_site_name":"SRP\u0160 Sib\u0159ina","article_publisher":"https:\/\/www.facebook.com\/61550791108673\/about\/","article_modified_time":"2024-02-09T11:20:14+00:00","og_image":[{"url":"http:\/\/srpssibrina.cz\/wp-content\/uploads\/2023\/11\/mapka-300x115.png","type":"","width":"","height":""}],"twitter_card":"summary_large_image","twitter_misc":{"Odhadovan\u00e1 doba \u010dten\u00ed":"2 minuty"},"schema":{"@context":"https:\/\/schema.org","@graph":[{"@type":"WebPage","@id":"https:\/\/srpssibrina.cz\/?tribe_events=zimni-otuzovani-pro-odvazlivce","url":"https:\/\/srpssibrina.cz\/?tribe_events=zimni-otuzovani-pro-odvazlivce","name":"Zimn\u00ed otu\u017eov\u00e1n\u00ed pro odv\u00e1\u017elivce - SRP\u0160 Sib\u0159ina","isPartOf":{"@id":"https:\/\/srpssibrina.cz\/#website"},"primaryImageOfPage":{"@id":"https:\/\/srpssibrina.cz\/?tribe_events=zimni-otuzovani-pro-odvazlivce#primaryimage"},"image":{"@id":"https:\/\/srpssibrina.cz\/?tribe_events=zimni-otuzovani-pro-odvazlivce#primaryimage"},"thumbnailUrl":"http:\/\/srpssibrina.cz\/wp-content\/uploads\/2023\/11\/mapka-300x115.png","datePublished":"2023-11-14T17:03:46+00:00","dateModified":"2024-02-09T11:20:14+00:00","breadcrumb":{"@id":"https:\/\/srpssibrina.cz\/?tribe_events=zimni-otuzovani-pro-odvazlivce#breadcrumb"},"inLanguage":"cs","potentialAction":[{"@type":"ReadAction","target":["https:\/\/srpssibrina.cz\/?tribe_events=zimni-otuzovani-pro-odvazlivce"]}]},{"@type":"ImageObject","inLanguage":"cs","@id":"https:\/\/srpssibrina.cz\/?tribe_events=zimni-otuzovani-pro-odvazlivce#primaryimage","url":"http:\/\/srpssibrina.cz\/wp-content\/uploads\/2023\/11\/mapka-300x115.png","contentUrl":"http:\/\/srpssibrina.cz\/wp-content\/uploads\/2023\/11\/mapka-300x115.png"},{"@type":"BreadcrumbList","@id":"https:\/\/srpssibrina.cz\/?tribe_events=zimni-otuzovani-pro-odvazlivce#breadcrumb","itemListElement":[{"@type":"ListItem","position":1,"name":"Dom\u016f","item":"https:\/\/srpssibrina.cz\/"},{"@type":"ListItem","position":2,"name":"Akce","item":"https:\/\/srpssibrina.cz\/?post_type=tribe_events"},{"@type":"ListItem","position":3,"name":"Zimn\u00ed otu\u017eov\u00e1n\u00ed pro odv\u00e1\u017elivce"}]},{"@type":"WebSite","@id":"https:\/\/srpssibrina.cz\/#website","url":"https:\/\/srpssibrina.cz\/","name":"SRP\u0160 Sib\u0159ina","description":"V\u00edt\u00e1me V\u00e1s na str\u00e1nk\u00e1ch Spolku rodi\u010d\u016f a p\u0159\u00e1tel Z\u0160 a M\u0160 Sib\u0159ina","potentialAction":[{"@type":"SearchAction","target":{"@type":"EntryPoint","urlTemplate":"https:\/\/srpssibrina.cz\/?s={search_term_string}"},"query-input":{"@type":"PropertyValueSpecification","valueRequired":true,"valueName":"search_term_string"}}],"inLanguage":"cs"}]}},"_links":{"self":[{"href":"https:\/\/srpssibrina.cz\/index.php?rest_route=\/wp\/v2\/tribe_events\/455","targetHints":{"allow":["GET"]}}],"collection":[{"href":"https:\/\/srpssibrina.cz\/index.php?rest_route=\/wp\/v2\/tribe_events"}],"about":[{"href":"https:\/\/srpssibrina.cz\/index.php?rest_route=\/wp\/v2\/types\/tribe_events"}],"author":[{"embeddable":true,"href":"https:\/\/srpssibrina.cz\/index.php?rest_route=\/wp\/v2\/users\/4"}],"version-history":[{"count":4,"href":"https:\/\/srpssibrina.cz\/index.php?rest_route=\/wp\/v2\/tribe_events\/455\/revisions"}],"predecessor-version":[{"id":466,"href":"https:\/\/srpssibrina.cz\/index.php?rest_route=\/wp\/v2\/tribe_events\/455\/revisions\/466"}],"wp:attachment":[{"href":"https:\/\/srpssibrina.cz\/index.php?rest_route=%2Fwp%2Fv2%2Fmedia&parent=455"}],"wp:term":[{"taxonomy":"post_tag","embeddable":true,"href":"https:\/\/srpssibrina.cz\/index.php?rest_route=%2Fwp%2Fv2%2Ftags&post=455"},{"taxonomy":"tribe_events_cat","embeddable":true,"href":"https:\/\/srpssibrina.cz\/index.php?rest_route=%2Fwp%2Fv2%2Ftribe_events_cat&post=455"}],"curies":[{"name":"wp","href":"https:\/\/api.w.org\/{rel}","templated":true}]}}